{"id":413,"date":"2017-12-26T15:11:10","date_gmt":"2017-12-26T14:11:10","guid":{"rendered":"http:\/\/www.footsall.fr\/?page_id=413"},"modified":"2018-07-15T13:51:58","modified_gmt":"2018-07-15T11:51:58","slug":"location-de-salle","status":"publish","type":"page","link":"https:\/\/www.footsall.fr\/index.php\/location-de-salle\/","title":{"rendered":"Location de salle, privatisation pour groupes"},"content":{"rendered":"<p>Nous proposons la location d&rsquo;une salle pour vos r\u00e9unions, s\u00e9minaires, avec possibilit\u00e9 de privatiser notre complexe tout entier pour organiser une journ\u00e9e d\u00e9di\u00e9e \u00e0 votre entreprise dans une ambiance sportive. Privatisation \u00e9galement possible pour soir\u00e9es entre amis<\/p>\n<p>&nbsp;<\/p>\n","protected":false},"excerpt":{"rendered":"<p>Nous proposons la location d&rsquo;une salle pour vos r\u00e9unions, s\u00e9minaires, avec possibilit\u00e9 de privatiser notre complexe tout entier pour organiser une journ\u00e9e d\u00e9di\u00e9e \u00e0 votre entreprise dans une ambiance sportive. Privatisation \u00e9galement possible pour soir\u00e9es[&#8230;]<\/p>\n","protected":false},"author":1,"featured_media":0,"parent":0,"menu_order":0,"comment_status":"closed","ping_status":"closed","template":"","meta":{"footnotes":""},"class_list":["post-413","page","type-page","status-publish","hentry"],"_links":{"self":[{"href":"https:\/\/www.footsall.fr\/index.php\/wp-json\/wp\/v2\/pages\/413","targetHints":{"allow":["GET"]}}],"collection":[{"href":"https:\/\/www.footsall.fr\/index.php\/wp-json\/wp\/v2\/pages"}],"about":[{"href":"https:\/\/www.footsall.fr\/index.php\/wp-json\/wp\/v2\/types\/page"}],"author":[{"embeddable":true,"href":"https:\/\/www.footsall.fr\/index.php\/wp-json\/wp\/v2\/users\/1"}],"replies":[{"embeddable":true,"href":"https:\/\/www.footsall.fr\/index.php\/wp-json\/wp\/v2\/comments?post=413"}],"version-history":[{"count":4,"href":"https:\/\/www.footsall.fr\/index.php\/wp-json\/wp\/v2\/pages\/413\/revisions"}],"predecessor-version":[{"id":582,"href":"https:\/\/www.footsall.fr\/index.php\/wp-json\/wp\/v2\/pages\/413\/revisions\/582"}],"wp:attachment":[{"href":"https:\/\/www.footsall.fr\/index.php\/wp-json\/wp\/v2\/media?parent=413"}],"curies":[{"name":"wp","href":"https:\/\/api.w.org\/{rel}","templated":true}]}}